{"id":8856,"date":"2022-06-15T11:26:20","date_gmt":"2022-06-15T11:26:20","guid":{"rendered":"https:\/\/nueva.radiotaxicartagena.es\/?page_id=8856"},"modified":"2022-06-15T11:31:53","modified_gmt":"2022-06-15T11:31:53","slug":"politica-de-privacidad","status":"publish","type":"page","link":"https:\/\/radiotaxicartagena.es\/it\/politica-sulla-riservatezza\/","title":{"rendered":"politica sulla riservatezza"},"content":{"rendered":"<div data-elementor-type=\"wp-page\" data-elementor-id=\"8856\" class=\"elementor elementor-8856\" data-elementor-post-type=\"page\">\n\t\t\t\t\t\t<section class=\"wd-negative-gap elementor-section elementor-top-section elementor-element elementor-element-741b270 wd-section-stretch elementor-section-boxed elementor-section-height-default elementor-section-height-default\" data-id=\"741b270\" data-element_type=\"section\" data-e-type=\"section\">\n\t\t\t\t\t\t<div class=\"elementor-container elementor-column-gap-default\">\n\t\t\t\t\t<div class=\"elementor-column elementor-col-100 elementor-top-column elementor-element elementor-element-f0a2ffd\" data-id=\"f0a2ffd\" data-element_type=\"column\" data-e-type=\"column\">\n\t\t\t<div class=\"elementor-widget-wrap elementor-element-populated\">\n\t\t\t\t\t\t<div class=\"elementor-element elementor-element-eb94436 color-scheme-inherit text-left elementor-widget elementor-widget-text-editor\" data-id=\"eb94436\" data-element_type=\"widget\" data-e-type=\"widget\" data-widget_type=\"text-editor.default\">\n\t\t\t\t<div class=\"elementor-widget-container\">\n\t\t\t\t\t\t\t\t\t<p>Il Titolare La informa sulla propria Privacy Policy relativa al trattamento e alla protezione dei dati personali degli utenti che potrebbero essere raccolti durante la navigazione nel Sito: <a href=\"https:\/\/nueva.radiotaxicartagena.es\/politica-de-privacidad\/\">https:\/\/radiotaxicartagena.es<\/a><\/p><p>In questo senso, il Titolare garantisce il rispetto della normativa vigente in materia di protezione dei dati personali, riflessa nella Legge Organica 3\/2018, del 5 dicembre, sulla protezione dei dati personali e la garanzia dei diritti digitali (LOPD GDD). \u00c8 inoltre conforme al Regolamento (UE) 2016\/679 del Parlamento Europeo e del Consiglio del 27 aprile 2016 relativo alla protezione delle persone fisiche (GDPR).<\/p><p>L&#039;utilizzo del sito web implica l&#039;accettazione della presente Privacy Policy nonch\u00e9 delle condizioni incluse nella \u00a0<a href=\"https:\/\/nueva.radiotaxicartagena.es\/aviso-legal\/\">Avviso legale<\/a>.<\/p><h2>Identit\u00e0 del Titolare<\/h2><p>\u00a0<\/p><ul><li><b>Responsabile:<\/b>\u00a0 Unione Radio Taxi Cartagena.<\/li><li><b>NIF:<\/b>\u00a0G30617542<\/li><li><b>Casa:<\/b>\u00a0 Dublin Street N\u00ba60, Murcia \u2013 Spagna.<\/li><li><b>E-mail:<\/b>\u00a0 info@radiotaxicartagena.es<\/li><li><b>Contatto telefonico:<\/b>\u00a0 672386487<\/li><li><b>Sito web:<\/b>\u00a0 <a href=\"https:\/\/nueva.radiotaxicartagena.es\/politica-de-privacidad\/\">https:\/\/radiotaxicartagena.es<\/a><\/li><\/ul><p>\u00a0<\/p><h2>Principi applicati nel trattamento dei dati<\/h2><p>Nel trattamento dei tuoi dati personali, il Titolare applicher\u00e0 i seguenti principi conformi ai requisiti del nuovo regolamento europeo sulla protezione dei dati (GDPR):<\/p><p>\u00a0<\/p><ul><li>Principio di liceit\u00e0, lealt\u00e0 e trasparenza: Il Titolare richieder\u00e0 sempre il consenso per il trattamento dei dati personali, che potr\u00e0 avvenire per una o pi\u00f9 finalit\u00e0 specifiche delle quali il Titolare informer\u00e0 preventivamente l&#039;Utente con assoluta trasparenza.<\/li><li>Principio di minimizzazione dei dati: Il Titolare richieder\u00e0 solo i dati strettamente necessari allo scopo o alle finalit\u00e0 per le quali vengono richiesti.<\/li><li>Principio di limitazione del periodo di conservazione: Il Titolare conserver\u00e0 i dati personali raccolti per il tempo strettamente necessario allo scopo o alle finalit\u00e0 del trattamento. Il Titolare informer\u00e0 l\u2019Utente del periodo di conservazione corrispondente a seconda della finalit\u00e0. <br \/>In caso di iscrizioni, il Titolare riesaminer\u00e0 periodicamente le liste e canceller\u00e0 i record inattivi da tempo considerevole.<\/li><li>Principio di integrit\u00e0 e riservatezza: i dati personali raccolti saranno trattati in modo tale da garantirne la sicurezza, la riservatezza e l&#039;integrit\u00e0. <br \/>Il Titolare adotta le necessarie precauzioni al fine di evitare accessi non autorizzati o usi impropri dei dati dei propri utenti da parte di terzi.<\/li><\/ul><p>\u00a0<\/p><h2>Ottenere dati personali<\/h2><p>Per navigare sul sito non \u00e8 necessario fornire alcun dato personale.<\/p><h2>Diritti<\/h2><p>Il Titolare ti informa che riguardo ai tuoi dati personali hai il diritto di:<\/p><p>\u00a0<\/p><ul><li>Richiedere l&#039;accesso ai dati archiviati.<\/li><li>Richiedere una rettifica o cancellazione.<\/li><li>Richiedi la limitazione del tuo trattamento.<\/li><li>Opporsi al trattamento.<\/li><\/ul><p>\u00a0<\/p><p>Non \u00e8 possibile esercitare il diritto alla portabilit\u00e0 dei dati.<\/p><p>L&#039;esercizio di tali diritti \u00e8 personale e pertanto deve essere esercitato direttamente dall&#039;interessato, richiedendolo direttamente al Titolare, il che significa che qualsiasi cliente, abbonato o collaboratore che abbia fornito i propri dati in qualsiasi momento, potr\u00e0 contattare il Titolare e richiedere informazioni sui dati che ha conservato e su come sono stati ottenuti, chiederne la rettifica, opporsi al trattamento, limitarne l&#039;utilizzo o chiedere la cancellazione degli stessi dagli archivi del Titolare.<\/p><p>Per esercitare i tuoi diritti devi inviare la tua richiesta insieme a una fotocopia del documento di identit\u00e0 nazionale o equivalente all&#039;indirizzo e-mail: info@radiotaxicartagena.es<\/p><p>L\u2019esercizio di tali diritti non comprende i dati che il Titolare \u00e8 obbligato a conservare per fini amministrativi, legali o di sicurezza.<\/p><p>Hai diritto ad una tutela giurisdizionale effettiva e a presentare un reclamo all&#039;autorit\u00e0 di controllo, in questo caso l&#039;Agenzia spagnola per la protezione dei dati, se ritieni che il trattamento dei dati personali che ti riguardano violi il Regolamento.<\/p><h2 id=\"finalidad-del-tratamiento-de-datos-personales\">Finalit\u00e0 del trattamento dei dati personali<\/h2><p>Quando ti colleghi al Sito per inviare un&#039;e-mail al Titolare, iscriverti alla sua newsletter, stai fornendo informazioni personali di cui il Titolare \u00e8 responsabile. Queste informazioni possono includere dati personali come indirizzo IP, nome e cognome, indirizzo fisico, indirizzo e-mail, numero di telefono e altre informazioni. Fornendo queste informazioni, acconsenti che le tue informazioni vengano raccolte, utilizzate, gestite e archiviate da \u2014 Uni\u00f3n Radio Taxi Cartagena \u2014 solo come descritto nelle pagine:<\/p><ul><li><a href=\"https:\/\/nueva.radiotaxicartagena.es\/aviso-legal\/\">Avviso legale<\/a><\/li><li><a href=\"https:\/\/nueva.radiotaxicartagena.es\/politica-de-privacidad\/\">politica sulla riservatezza<\/a><\/li><\/ul><p>\u00a0<\/p><p>I dati personali e le finalit\u00e0 del trattamento da parte del Titolare sono diversi a seconda del sistema di acquisizione delle informazioni:<\/p><p>\u00a0<\/p><p>\u00a0<\/p><p>Vi sono altre finalit\u00e0 per le quali il Titolare tratta i dati personali:<\/p><p>\u00a0<\/p><ul><li>Per garantire il rispetto delle condizioni stabilite nella pagina Note Legali e della legge applicabile. Ci\u00f2 pu\u00f2 includere lo sviluppo di strumenti e algoritmi che aiutano il sito Web a garantire la riservatezza dei dati personali raccolti.<\/li><li>Per supportare e migliorare i servizi offerti da questo sito web.<\/li><li>Per analizzare la navigazione dell&#039;utente. Il Titolare raccoglie altri dati non identificativi ottenuti attraverso l&#039;uso di cookie che vengono scaricati sul computer dell&#039;Utente durante la navigazione sul Sito le cui caratteristiche e finalit\u00e0 sono dettagliate sul sito web. <a href=\"https:\/\/nueva.radiotaxicartagena.es\/politica-de-cookies\/\">Politica sui cookie<\/a>.<\/li><li><p>Per gestire i social network. Il Titolare \u00e8 presente sui social network. Se diventi follower dei social network del Titolare, il trattamento dei dati personali sar\u00e0 regolato da questa sezione, nonch\u00e9 dalle condizioni d&#039;uso, dalle politiche sulla privacy e dai regolamenti di accesso propri del social network che si applicano in ciascun caso e che hai precedentemente accettato. <br \/>Puoi consultare le privacy policy dei principali social network a questi link:<\/p><p>\u00a0<\/p><ul><li><a href=\"https:\/\/www.facebook.com\/help\/cookies\" target=\"_blank\" rel=\"nofollow noopener\">Facebook<\/a><\/li><li><a href=\"https:\/\/twitter.com\/privacy\" target=\"_blank\" rel=\"nofollow noopener\">Twitter<\/a><\/li><li><a href=\"https:\/\/www.linkedin.com\/legal\/cookie-policy\" target=\"_blank\" rel=\"nofollow noopener\">Linkedin<\/a><\/li><li><a href=\"https:\/\/www.youtube.com\/privacy\" target=\"_blank\" rel=\"nofollow noopener\">Youtube<\/a><\/li><li><a href=\"https:\/\/www.instagram.com\/legal\/privacy\/\" target=\"_blank\" rel=\"nofollow noopener\">instagram<\/a><\/li><\/ul><p>\u00a0<\/p><p>Il Titolare tratter\u00e0 i tuoi dati personali al fine di gestire correttamente la tua presenza sui social network, informarti delle proprie attivit\u00e0, nonch\u00e9 per ogni altra finalit\u00e0 consentita dalla normativa dei social network.<\/p><p>In nessun caso il Titolare utilizzer\u00e0 i profili dei follower presenti sui social network per inviare pubblicit\u00e0 individualmente.<\/p><\/li><\/ul><p>\u00a0<\/p><h2>Sicurezza dei dati personali<\/h2><p>Per proteggere i tuoi dati personali, il Titolare adotta tutte le ragionevoli precauzioni e segue le migliori pratiche del settore per prevenirne la perdita, l&#039;uso improprio, l&#039;accesso improprio, la divulgazione, l&#039;alterazione o la distruzione degli stessi.<\/p><p>I tuoi dati potrebbero essere incorporati in un file di mailing list, di cui il Titolare \u00e8 responsabile della gestione ed elaborazione. La sicurezza dei tuoi dati \u00e8 garantita, poich\u00e9 il Titolare adotta tutte le misure di sicurezza necessarie e garantisce che i dati personali verranno utilizzati solo per gli scopi specificati.<\/p><p>Il Titolare informa l&#039;Utente che i suoi dati personali non saranno trasferiti a organizzazioni terze, ad eccezione del caso in cui tale trasferimento di dati sia coperto da un obbligo legale o quando la fornitura di un servizio implichi la necessit\u00e0 di un rapporto contrattuale con un responsabile di trattamento. In quest\u2019ultimo caso, la cessione dei dati a terzi sar\u00e0 effettuata solo quando il Titolare avr\u00e0 il consenso espresso dell\u2019Utente.<\/p><p>Tuttavia in alcuni casi possono essere svolte collaborazioni con altri professionisti, in tali casi sar\u00e0 richiesto il consenso dell&#039;Utente, informandolo dell&#039;identit\u00e0 del collaboratore e dello scopo della collaborazione. Sar\u00e0 sempre effettuato rispettando i pi\u00f9 severi standard di sicurezza.<\/p><h2>Contenuti da altri siti web<\/h2><p>Le pagine di questo sito Web possono includere contenuti incorporati (ad esempio video, immagini, articoli, ecc.). I contenuti incorporati di altri siti web si comportano esattamente come se avessi visitato l&#039;altro sito web.<\/p><p>Questi siti Web possono raccogliere dati su di te, utilizzare cookie, incorporare ulteriore codice di monitoraggio di terze parti e monitorare la tua interazione utilizzando questo codice.<\/p><h2>Politica sui cookie<\/h2><p>Per il corretto funzionamento di questo sito Web \u00e8 necessario utilizzare i cookie, ovvero informazioni archiviate nel tuo browser web.<\/p><p>Puoi consultare tutte le informazioni relative alla politica di raccolta e trattamento dei cookie nella pagina <a href=\"https:\/\/nueva.radiotaxicartagena.es\/politica-de-cookies\/\">Politica sui cookie<\/a>.<\/p><p>\u00a0<\/p><h2>Legittimazione al trattamento dei dati<\/h2><p>La base giuridica del trattamento dei tuoi dati \u00e8:<\/p><ul><li>Il consenso dell&#039;interessato.<\/li><\/ul><p>\u00a0<\/p><h2>Categorie di dati personali<\/h2><p>Le categorie di dati personali trattati dal Titolare sono:<\/p><p>\u00a0<\/p><ul><li>Dati identificativi.<\/li><li>Non vengono trattate categorie di dati particolarmente protette.<\/li><\/ul><p>\u00a0<\/p><h2>Conservazione dei dati personali<\/h2><p>I dati personali forniti al Titolare saranno conservati fino a quando non ne richieder\u00e0 la cancellazione.<\/p><div id=\"destinatarios\"><h2>Destinatari dei dati personali<\/h2><p>\u00a0<\/p><ul><li><b>statistiche di Google<\/b> \u00e8 un servizio di analisi web fornito da Google, Inc., una societ\u00e0 del Delaware con sede principale a 1600 Amphitheatre Parkway, Mountain View (California), CA 94043, Stati Uniti (&quot;Google&quot;). <br \/>Google Analytics utilizza dei &quot;cookie&quot;, che sono file di testo depositati sul tuo computer, per aiutare il Titolare ad analizzare l&#039;utilizzo fatto dagli Utenti del Sito Web. Le informazioni generate dal cookie sull&#039;utilizzo del sito web (compreso l&#039;indirizzo IP) verranno direttamente trasmesse a, e depositate presso i server di Google negli Stati Uniti. <br \/>Maggiori informazioni in:\u00a0<a href=\"https:\/\/policies.google.com\/privacy?hl=es-ES\" target=\"_blank\" rel=\"nofollow noopener\">https:\/\/analytics.google.com<\/a><\/li><\/ul><p>\u00a0<\/p><\/div><p>Puoi vedere come Google gestisce la privacy riguardo all&#039;uso dei cookie e altre informazioni nella pagina Privacy Policy di Google:\u00a0<a href=\"https:\/\/policies.google.com\/privacy?hl=es\" target=\"_blank\" rel=\"nofollow noopener\">https:\/\/policies.google.com\/privacy?hl=es<\/a><\/p><p>Puoi inoltre visualizzare un elenco dei tipi di cookie utilizzati da Google e dai suoi collaboratori e tutte le informazioni relative al loro utilizzo dei cookie pubblicitari all&#039;indirizzo:<\/p><ul><li><a href=\"https:\/\/policies.google.com\/technologies\/types?hl=es\" target=\"_blank\" rel=\"nofollow noopener\">Tipi di cookie utilizzati da Google<\/a><\/li><li><a href=\"https:\/\/policies.google.com\/technologies\/ads?hl=es\" target=\"_blank\" rel=\"nofollow noopener\">Come Google utilizza i cookie nella pubblicit\u00e0<\/a>.<\/li><\/ul><h2>Navigazione nel web<\/h2><p>Durante la navigazione sul Sito possono essere raccolti dati non identificativi, che possono includere indirizzo IP, geolocalizzazione, registrazione di come vengono utilizzati servizi e siti, abitudini di navigazione e altri dati che non possono essere utilizzati per identificarti.<\/p><p>Il Sito utilizza i seguenti servizi di analisi di terze parti:<\/p><p>\u00a0<\/p><ul><li>Statistiche di Google.<\/li><\/ul><p>\u00a0<\/p><p>Il Titolare utilizza le informazioni ottenute per ottenere dati statistici, analizzare tendenze, amministrare il sito, studiare i modelli di navigazione e raccogliere informazioni demografiche.<\/p><p>Il Titolare non \u00e8 responsabile del trattamento dei dati personali effettuato dalle pagine web cui \u00e8 possibile accedere tramite i diversi link contenuti nel Sito.<\/p><h2>Accuratezza e veridicit\u00e0 dei dati personali<\/h2><p>L&#039;utente si impegna che i dati forniti al Titolare siano corretti, completi, accurati e aggiornati, nonch\u00e9 a mantenerli debitamente aggiornati.<\/p><p>In qualit\u00e0 di Utente del Sito, sei l&#039;unico responsabile della veridicit\u00e0 e della correttezza dei dati inviati al Sito, esonerando il Titolare da qualsiasi responsabilit\u00e0 al riguardo.<\/p><h2>Accettazione e consenso<\/h2><p>In qualit\u00e0 di Utente del Sito, dichiari di essere stato informato delle condizioni relative alla protezione dei dati personali, e accetti e acconsenti al loro trattamento da parte del Titolare nei modi e per le finalit\u00e0 indicate nella presente Privacy Policy.<\/p><p>Per contattare il Titolare, iscriversi a una newsletter o inviare commenti su questo Sito Web, \u00e8 necessario accettare la presente Informativa sulla Privacy.<\/p><h2>Modifiche all&#039;Informativa sulla privacy<\/h2><p>Il Titolare si riserva il diritto di modificare la presente Informativa sulla Privacy per adattarla agli sviluppi legislativi o giurisprudenziali, nonch\u00e9 alle pratiche del settore.<\/p><p>Queste politiche rimarranno in vigore finch\u00e9 non saranno modificate da altre debitamente pubblicate.<\/p><div class=\"elementor elementor-8556\" data-elementor-type=\"wp-page\" data-elementor-id=\"8556\"><section class=\"wd-negative-gap elementor-section elementor-top-section elementor-element elementor-element-50073dc wd-section-stretch elementor-section-boxed elementor-section-height-default elementor-section-height-default\" data-id=\"50073dc\" data-element_type=\"section\"><div class=\"elementor-container elementor-column-gap-default\"><div class=\"elementor-column elementor-col-100 elementor-top-column elementor-element elementor-element-bad30d9\" data-id=\"bad30d9\" data-element_type=\"column\"><div class=\"elementor-widget-wrap elementor-element-populated\"><div class=\"elementor-element elementor-element-e8baf9b color-scheme-inherit text-left elementor-widget elementor-widget-text-editor\" data-id=\"e8baf9b\" data-element_type=\"widget\" data-widget_type=\"text-editor.default\"><div class=\"elementor-widget-container\"><p>Il Titolare La informa sulla propria Privacy Policy relativa al trattamento e alla protezione dei dati personali degli utenti che potrebbero essere raccolti durante la navigazione nel Sito:\u00a0<a href=\"https:\/\/nueva.radiotaxicartagena.es\/politica-de-privacidad\/\">https:\/\/radiotaxicartagena.es<\/a><\/p><p>In questo senso, il Titolare garantisce il rispetto della normativa vigente in materia di protezione dei dati personali, riflessa nella Legge Organica 3\/2018, del 5 dicembre, sulla protezione dei dati personali e la garanzia dei diritti digitali (LOPD GDD). \u00c8 inoltre conforme al Regolamento (UE) 2016\/679 del Parlamento Europeo e del Consiglio del 27 aprile 2016 relativo alla protezione delle persone fisiche (GDPR).<\/p><p>L&#039;utilizzo del sito web implica l&#039;accettazione della presente Privacy Policy nonch\u00e9 delle condizioni incluse nella \u00a0<a href=\"https:\/\/nueva.radiotaxicartagena.es\/aviso-legal\/\">Avviso legale<\/a>.<\/p><\/div><\/div><\/div><\/div><\/div><\/section><\/div>\t\t\t\t\t\t\t\t<\/div>\n\t\t\t\t<\/div>\n\t\t\t\t\t<\/div>\n\t\t<\/div>\n\t\t\t\t\t<\/div>\n\t\t<\/section>\n\t\t\t\t<\/div>","protected":false},"excerpt":{"rendered":"<p>Il Titolare La informa sulla propria Privacy Policy relativa al trattamento e alla protezione dei dati personali.<\/p>","protected":false},"author":1,"featured_media":0,"parent":0,"menu_order":0,"comment_status":"closed","ping_status":"closed","template":"","meta":{"inline_featured_image":false,"footnotes":""},"class_list":["post-8856","page","type-page","status-publish","hentry"],"yoast_head":"<!-- This site is optimized with the Yoast SEO Premium plugin v21.6 (Yoast SEO v27.1.1) - https:\/\/yoast.com\/product\/yoast-seo-premium-wordpress\/ -->\n<title>Pol\u00edtica de privacidad - Radio Taxi<\/title>\n<meta name=\"robots\" content=\"index, follow, max-snippet:-1, max-image-preview:large, max-video-preview:-1\" \/>\n<link rel=\"canonical\" href=\"https:\/\/radiotaxicartagena.es\/it\/politica-sulla-riservatezza\/\" \/>\n<meta property=\"og:locale\" content=\"it_IT\" \/>\n<meta property=\"og:type\" content=\"article\" \/>\n<meta property=\"og:title\" content=\"Pol\u00edtica de privacidad\" \/>\n<meta property=\"og:description\" content=\"El Titular le informa sobre su Pol\u00edtica de Privacidad respecto del tratamiento y protecci\u00f3n de los datos de car\u00e1cter personal\" \/>\n<meta property=\"og:url\" content=\"https:\/\/radiotaxicartagena.es\/it\/politica-sulla-riservatezza\/\" \/>\n<meta property=\"og:site_name\" content=\"Radio Taxi\" \/>\n<meta property=\"article:modified_time\" content=\"2022-06-15T11:31:53+00:00\" \/>\n<meta name=\"twitter:card\" content=\"summary_large_image\" \/>\n<meta name=\"twitter:label1\" content=\"Tempo di lettura stimato\" \/>\n\t<meta name=\"twitter:data1\" content=\"9 minuti\" \/>\n<script type=\"application\/ld+json\" class=\"yoast-schema-graph\">{\"@context\":\"https:\/\/schema.org\",\"@graph\":[{\"@type\":\"WebPage\",\"@id\":\"https:\/\/radiotaxicartagena.es\/politica-de-privacidad\/\",\"url\":\"https:\/\/radiotaxicartagena.es\/politica-de-privacidad\/\",\"name\":\"Pol\u00edtica de privacidad - Radio Taxi\",\"isPartOf\":{\"@id\":\"https:\/\/radiotaxicartagena.es\/#website\"},\"datePublished\":\"2022-06-15T11:26:20+00:00\",\"dateModified\":\"2022-06-15T11:31:53+00:00\",\"breadcrumb\":{\"@id\":\"https:\/\/radiotaxicartagena.es\/politica-de-privacidad\/#breadcrumb\"},\"inLanguage\":\"it-IT\",\"potentialAction\":[{\"@type\":\"ReadAction\",\"target\":[\"https:\/\/radiotaxicartagena.es\/politica-de-privacidad\/\"]}]},{\"@type\":\"BreadcrumbList\",\"@id\":\"https:\/\/radiotaxicartagena.es\/politica-de-privacidad\/#breadcrumb\",\"itemListElement\":[{\"@type\":\"ListItem\",\"position\":1,\"name\":\"Home\",\"item\":\"https:\/\/radiotaxicartagena.es\/\"},{\"@type\":\"ListItem\",\"position\":2,\"name\":\"Pol\u00edtica de privacidad\"}]},{\"@type\":\"WebSite\",\"@id\":\"https:\/\/radiotaxicartagena.es\/#website\",\"url\":\"https:\/\/radiotaxicartagena.es\/\",\"name\":\"Radio Taxi\",\"description\":\"Taxi en Cartagena, La Manga, La Uni\u00f3n, Murcia\",\"potentialAction\":[{\"@type\":\"SearchAction\",\"target\":{\"@type\":\"EntryPoint\",\"urlTemplate\":\"https:\/\/radiotaxicartagena.es\/?s={search_term_string}\"},\"query-input\":{\"@type\":\"PropertyValueSpecification\",\"valueRequired\":true,\"valueName\":\"search_term_string\"}}],\"inLanguage\":\"it-IT\"}]}<\/script>\n<!-- \/ Yoast SEO Premium plugin. -->","yoast_head_json":{"title":"Pol\u00edtica de privacidad - Radio Taxi","robots":{"index":"index","follow":"follow","max-snippet":"max-snippet:-1","max-image-preview":"max-image-preview:large","max-video-preview":"max-video-preview:-1"},"canonical":"https:\/\/radiotaxicartagena.es\/it\/politica-sulla-riservatezza\/","og_locale":"it_IT","og_type":"article","og_title":"Pol\u00edtica de privacidad","og_description":"El Titular le informa sobre su Pol\u00edtica de Privacidad respecto del tratamiento y protecci\u00f3n de los datos de car\u00e1cter personal","og_url":"https:\/\/radiotaxicartagena.es\/it\/politica-sulla-riservatezza\/","og_site_name":"Radio Taxi","article_modified_time":"2022-06-15T11:31:53+00:00","twitter_card":"summary_large_image","twitter_misc":{"Tempo di lettura stimato":"9 minuti"},"schema":{"@context":"https:\/\/schema.org","@graph":[{"@type":"WebPage","@id":"https:\/\/radiotaxicartagena.es\/politica-de-privacidad\/","url":"https:\/\/radiotaxicartagena.es\/politica-de-privacidad\/","name":"Pol\u00edtica de privacidad - Radio Taxi","isPartOf":{"@id":"https:\/\/radiotaxicartagena.es\/#website"},"datePublished":"2022-06-15T11:26:20+00:00","dateModified":"2022-06-15T11:31:53+00:00","breadcrumb":{"@id":"https:\/\/radiotaxicartagena.es\/politica-de-privacidad\/#breadcrumb"},"inLanguage":"it-IT","potentialAction":[{"@type":"ReadAction","target":["https:\/\/radiotaxicartagena.es\/politica-de-privacidad\/"]}]},{"@type":"BreadcrumbList","@id":"https:\/\/radiotaxicartagena.es\/politica-de-privacidad\/#breadcrumb","itemListElement":[{"@type":"ListItem","position":1,"name":"Home","item":"https:\/\/radiotaxicartagena.es\/"},{"@type":"ListItem","position":2,"name":"Pol\u00edtica de privacidad"}]},{"@type":"WebSite","@id":"https:\/\/radiotaxicartagena.es\/#website","url":"https:\/\/radiotaxicartagena.es\/","name":"Radio Taxi","description":"Taxi en Cartagena, La Manga, La Uni\u00f3n, Murcia","potentialAction":[{"@type":"SearchAction","target":{"@type":"EntryPoint","urlTemplate":"https:\/\/radiotaxicartagena.es\/?s={search_term_string}"},"query-input":{"@type":"PropertyValueSpecification","valueRequired":true,"valueName":"search_term_string"}}],"inLanguage":"it-IT"}]}},"_links":{"self":[{"href":"https:\/\/radiotaxicartagena.es\/it\/wp-json\/wp\/v2\/pages\/8856","targetHints":{"allow":["GET"]}}],"collection":[{"href":"https:\/\/radiotaxicartagena.es\/it\/wp-json\/wp\/v2\/pages"}],"about":[{"href":"https:\/\/radiotaxicartagena.es\/it\/wp-json\/wp\/v2\/types\/page"}],"author":[{"embeddable":true,"href":"https:\/\/radiotaxicartagena.es\/it\/wp-json\/wp\/v2\/users\/1"}],"replies":[{"embeddable":true,"href":"https:\/\/radiotaxicartagena.es\/it\/wp-json\/wp\/v2\/comments?post=8856"}],"version-history":[{"count":0,"href":"https:\/\/radiotaxicartagena.es\/it\/wp-json\/wp\/v2\/pages\/8856\/revisions"}],"wp:attachment":[{"href":"https:\/\/radiotaxicartagena.es\/it\/wp-json\/wp\/v2\/media?parent=8856"}],"curies":[{"name":"wp","href":"https:\/\/api.w.org\/{rel}","templated":true}]}}